{"id":848,"date":"2026-04-27T17:54:18","date_gmt":"2026-04-27T17:54:18","guid":{"rendered":"https:\/\/www.aprilfortier.ca\/international-students\/"},"modified":"2026-04-29T00:08:44","modified_gmt":"2026-04-29T00:08:44","slug":"etudiants-internationaux","status":"publish","type":"page","link":"https:\/\/www.aprilfortier.ca\/fr\/etudiants-internationaux\/","title":{"rendered":"\u00c9tudiants internationaux"},"content":{"rendered":"<p>[et_pb_section fb_built=\u00a0\u00bb1&Prime; admin_label=\u00a0\u00bbHero section\u00a0\u00bb _builder_version=\u00a0\u00bb4.27.6&Prime; use_background_color_gradient=\u00a0\u00bbon\u00a0\u00bb background_color_gradient_stops=\u00a0\u00bbrgba(150,105,97,0.38) 0%|rgba(0,26,79,0.84) 100%\u00a0\u00bb background_color_gradient_overlays_image=\u00a0\u00bbon\u00a0\u00bb background_color_gradient_start=\u00a0\u00bbrgba(150,105,97,0.67)\u00a0\u00bb background_color_gradient_end=\u00a0\u00bbrgba(2,0,76,0.84)\u00a0\u00bb background_image=\u00a0\u00bbhttps:\/\/www.aprilfortier.ca\/wp-content\/uploads\/2026\/02\/graduate-holding-univ-SW.jpg\u00a0\u00bb background_position=\u00a0\u00bbtop_center\u00a0\u00bb custom_margin=\u00a0\u00bb|||\u00a0\u00bb custom_padding=\u00a0\u00bb5%||12%||false|false\u00a0\u00bb global_colors_info=\u00a0\u00bb{}\u00a0\u00bb][et_pb_row column_structure=\u00a0\u00bb2_3,1_3&Prime; _builder_version=\u00a0\u00bb4.16&Prime; custom_margin=\u00a0\u00bb|||\u00a0\u00bb global_colors_info=\u00a0\u00bb{}\u00a0\u00bb][et_pb_column type=\u00a0\u00bb2_3&Prime; _builder_version=\u00a0\u00bb4.16&Prime; custom_padding=\u00a0\u00bb1px|||\u00a0\u00bb global_colors_info=\u00a0\u00bb{}\u00a0\u00bb custom_padding__hover=\u00a0\u00bb|||\u00a0\u00bb][et_pb_cta title=\u00a0\u00bbColl\u00e8ge APRIL-FORTIER\u00a0\u00bb button_url=\u00a0\u00bb@ET-DC@eyJkeW5hbWljIjp0cnVlLCJjb250ZW50IjoicG9zdF9saW5rX3VybF9wYWdlIiwic2V0dGluZ3MiOnsicG9zdF9pZCI6IjQ0NSJ9fQ==@\u00a0\u00bb button_text=\u00a0\u00bbInscription\u00a0\u00bb _builder_version=\u00a0\u00bb4.27.6&Prime; _dynamic_attributes=\u00a0\u00bbbutton_url\u00a0\u00bb header_level=\u00a0\u00bbh1&Prime; header_font=\u00a0\u00bb|700||on|||||\u00a0\u00bb header_font_size=\u00a0\u00bb46px\u00a0\u00bb header_letter_spacing=\u00a0\u00bb2px\u00a0\u00bb header_line_height=\u00a0\u00bb1.2em\u00a0\u00bb body_font=\u00a0\u00bb|600|||||||\u00a0\u00bb body_font_size=\u00a0\u00bb38px\u00a0\u00bb body_line_height=\u00a0\u00bb1.8em\u00a0\u00bb use_background_color=\u00a0\u00bboff\u00a0\u00bb custom_button=\u00a0\u00bbon\u00a0\u00bb button_text_size=\u00a0\u00bb18px\u00a0\u00bb button_text_color=\u00a0\u00bb#ffffff\u00a0\u00bb button_bg_color=\u00a0\u00bb#f25c05&Prime; button_border_width=\u00a0\u00bb0px\u00a0\u00bb button_border_color=\u00a0\u00bb#fa7f28&Prime; button_border_radius=\u00a0\u00bb5px\u00a0\u00bb button_letter_spacing=\u00a0\u00bb0px\u00a0\u00bb button_font=\u00a0\u00bb|600|||||||\u00a0\u00bb button_use_icon=\u00a0\u00bboff\u00a0\u00bb button_custom_padding=\u00a0\u00bb8px|25px|8px|25px|true|true\u00a0\u00bb text_orientation=\u00a0\u00bbleft\u00a0\u00bb max_width=\u00a0\u00bb750px\u00a0\u00bb module_alignment=\u00a0\u00bbleft\u00a0\u00bb animation_style=\u00a0\u00bbfold\u00a0\u00bb animation_intensity_fold=\u00a0\u00bb16%\u00a0\u00bb hover_enabled=\u00a0\u00bb0&Prime; header_font_size_tablet=\u00a0\u00bb46px\u00a0\u00bb header_font_size_phone=\u00a0\u00bb\u00a0\u00bb header_font_size_last_edited=\u00a0\u00bbon|tablet\u00a0\u00bb button_text_size_tablet=\u00a0\u00bb18px\u00a0\u00bb button_text_size_phone=\u00a0\u00bb18px\u00a0\u00bb button_text_size_last_edited=\u00a0\u00bbon|desktop\u00a0\u00bb header_text_shadow_style=\u00a0\u00bbpreset1&Prime; header_text_shadow_blur_strength=\u00a0\u00bb0.6em\u00a0\u00bb header_text_shadow_color=\u00a0\u00bbrgba(0,0,0,0.6)\u00a0\u00bb box_shadow_style_button=\u00a0\u00bbpreset2&Prime; box_shadow_color_button=\u00a0\u00bbrgba(250,127,40,0.15)\u00a0\u00bb button_letter_spacing_hover=\u00a0\u00bb2px\u00a0\u00bb global_colors_info=\u00a0\u00bb{}\u00a0\u00bb button_text_size__hover_enabled=\u00a0\u00bboff\u00a0\u00bb button_one_text_size__hover_enabled=\u00a0\u00bboff\u00a0\u00bb button_two_text_size__hover_enabled=\u00a0\u00bboff\u00a0\u00bb button_text_color__hover_enabled=\u00a0\u00bboff\u00a0\u00bb button_one_text_color__hover_enabled=\u00a0\u00bboff\u00a0\u00bb button_two_text_color__hover_enabled=\u00a0\u00bboff\u00a0\u00bb button_border_width__hover_enabled=\u00a0\u00bboff\u00a0\u00bb button_one_border_width__hover_enabled=\u00a0\u00bboff\u00a0\u00bb button_two_border_width__hover_enabled=\u00a0\u00bboff\u00a0\u00bb button_border_color__hover_enabled=\u00a0\u00bboff\u00a0\u00bb button_one_border_color__hover_enabled=\u00a0\u00bboff\u00a0\u00bb button_two_border_color__hover_enabled=\u00a0\u00bboff\u00a0\u00bb button_border_radius__hover_enabled=\u00a0\u00bboff\u00a0\u00bb button_one_border_radius__hover_enabled=\u00a0\u00bboff\u00a0\u00bb button_two_border_radius__hover_enabled=\u00a0\u00bboff\u00a0\u00bb button_letter_spacing__hover_enabled=\u00a0\u00bboff|desktop\u00a0\u00bb button_letter_spacing__hover=\u00a0\u00bb2px\u00a0\u00bb button_one_letter_spacing__hover_enabled=\u00a0\u00bboff\u00a0\u00bb button_two_letter_spacing__hover_enabled=\u00a0\u00bboff\u00a0\u00bb button_bg_color__hover_enabled=\u00a0\u00bbon|hover\u00a0\u00bb button_one_bg_color__hover_enabled=\u00a0\u00bboff\u00a0\u00bb button_two_bg_color__hover_enabled=\u00a0\u00bboff\u00a0\u00bb button_bg_color__hover=\u00a0\u00bb#c94904&Prime; button_bg_enable_color__hover=\u00a0\u00bbon\u00a0\u00bb sticky_enabled=\u00a0\u00bb0&Prime;]<\/p>\n<p>\u00c9tudiants internationaux<\/p>\n<p>[\/et_pb_cta][\/et_pb_column][et_pb_column type=\u00a0\u00bb1_3&Prime; _builder_version=\u00a0\u00bb4.16&Prime; custom_padding=\u00a0\u00bb|||\u00a0\u00bb global_colors_info=\u00a0\u00bb{}\u00a0\u00bb custom_padding__hover=\u00a0\u00bb|||\u00a0\u00bb][et_pb_text _builder_version=\u00a0\u00bb4.27.6&Prime; text_font=\u00a0\u00bbLato||||||||\u00a0\u00bb text_text_color=\u00a0\u00bb#ffffff\u00a0\u00bb text_font_size=\u00a0\u00bb16px\u00a0\u00bb text_line_height=\u00a0\u00bb2em\u00a0\u00bb link_font=\u00a0\u00bb||||||||\u00a0\u00bb link_text_color=\u00a0\u00bb#ffffff\u00a0\u00bb header_font=\u00a0\u00bb|600|||||||\u00a0\u00bb header_2_font=\u00a0\u00bb||||||||\u00a0\u00bb header_3_font=\u00a0\u00bbLato|600|||||||\u00a0\u00bb header_3_font_size=\u00a0\u00bb24px\u00a0\u00bb header_3_line_height=\u00a0\u00bb1.5em\u00a0\u00bb background_color=\u00a0\u00bbrgba(36,36,76,0.62)\u00a0\u00bb background_layout=\u00a0\u00bbdark\u00a0\u00bb custom_margin=\u00a0\u00bb||||false|false\u00a0\u00bb custom_margin_tablet=\u00a0\u00bb40px|||\u00a0\u00bb custom_margin_last_edited=\u00a0\u00bboff|desktop\u00a0\u00bb custom_padding=\u00a0\u00bb30px|30px|40px|30px\u00a0\u00bb custom_padding_tablet=\u00a0\u00bb\u00a0\u00bb custom_padding_phone=\u00a0\u00bb\u00a0\u00bb custom_padding_last_edited=\u00a0\u00bbon|tablet\u00a0\u00bb animation_style=\u00a0\u00bbfold\u00a0\u00bb animation_delay=\u00a0\u00bb100ms\u00a0\u00bb border_radii=\u00a0\u00bbon|6px|6px|6px|6px\u00a0\u00bb border_color_all=\u00a0\u00bb#f25c05&Prime; border_width_top=\u00a0\u00bb6px\u00a0\u00bb global_module=\u00a0\u00bb574&Prime; locked=\u00a0\u00bboff\u00a0\u00bb global_colors_info=\u00a0\u00bb{}\u00a0\u00bb]<\/p>\n<h3>Contactez-nous !<\/h3>\n<p><strong>T\u00e9l\u00e9phone :<\/strong> (514) 878 &#8211; 1414<br \/><strong>E-mail:<\/strong> <a href=\"mailto:info@april-fortier.com\" target=\"_blank\" rel=\"noopener\">info@april-fortier.com<\/a><\/p>\n<p>[\/et_pb_text][\/et_pb_column][\/et_pb_row][\/et_pb_section][et_pb_section fb_built=\u00a0\u00bb1&Prime; module_id=\u00a0\u00bbpage-anchor-section1&Prime; _builder_version=\u00a0\u00bb4.27.6&Prime; _module_preset=\u00a0\u00bbdefault\u00a0\u00bb global_colors_info=\u00a0\u00bb{}\u00a0\u00bb][et_pb_row _builder_version=\u00a0\u00bb4.27.4&Prime; _module_preset=\u00a0\u00bbdefault\u00a0\u00bb global_colors_info=\u00a0\u00bb{}\u00a0\u00bb][et_pb_column type=\u00a0\u00bb4_4&Prime; _builder_version=\u00a0\u00bb4.27.4&Prime; _module_preset=\u00a0\u00bbdefault\u00a0\u00bb global_colors_info=\u00a0\u00bb{}\u00a0\u00bb][et_pb_text _builder_version=\u00a0\u00bb4.27.6&Prime; _module_preset=\u00a0\u00bbdefault\u00a0\u00bb text_font=\u00a0\u00bb|600|||||||\u00a0\u00bb text_text_color=\u00a0\u00bb#033061&Prime; text_font_size=\u00a0\u00bb18px\u00a0\u00bb header_2_font=\u00a0\u00bb|600|||||||\u00a0\u00bb header_2_text_color=\u00a0\u00bb#033061&Prime; header_2_font_size=\u00a0\u00bb28px\u00a0\u00bb header_3_text_color=\u00a0\u00bb#033061&Prime; header_3_font_size=\u00a0\u00bb21px\u00a0\u00bb header_4_font=\u00a0\u00bb||on||||||\u00a0\u00bb header_4_text_color=\u00a0\u00bb#033061&Prime; header_4_font_size=\u00a0\u00bb16px\u00a0\u00bb header_5_text_color=\u00a0\u00bb#033061&Prime; header_5_font_size=\u00a0\u00bb20px\u00a0\u00bb header_5_line_height=\u00a0\u00bb1.6em\u00a0\u00bb hover_enabled=\u00a0\u00bb0&Prime; header_2_font_size_tablet=\u00a0\u00bb28px\u00a0\u00bb header_2_font_size_phone=\u00a0\u00bb28px\u00a0\u00bb header_2_font_size_last_edited=\u00a0\u00bbon|tablet\u00a0\u00bb global_colors_info=\u00a0\u00bb{}\u00a0\u00bb sticky_enabled=\u00a0\u00bb0&Prime;]<\/p>\n<h2>\u00c9tudiants internationaux<strong><\/strong><\/h2>\n<p><em>Vis ta passion au Travail<\/em>[\/et_pb_text][et_pb_text _builder_version=\u00a0\u00bb4.27.6&Prime; _module_preset=\u00a0\u00bbdefault\u00a0\u00bb text_font_size=\u00a0\u00bb15px\u00a0\u00bb header_2_font=\u00a0\u00bb|600|||||||\u00a0\u00bb header_2_text_color=\u00a0\u00bb#033061&Prime; header_2_font_size=\u00a0\u00bb28px\u00a0\u00bb header_2_line_height=\u00a0\u00bb1.7em\u00a0\u00bb header_3_text_color=\u00a0\u00bb#033061&Prime; header_3_font_size=\u00a0\u00bb21px\u00a0\u00bb header_4_font=\u00a0\u00bb|600|||||||\u00a0\u00bb header_4_text_color=\u00a0\u00bb#033061&Prime; header_4_font_size=\u00a0\u00bb20px\u00a0\u00bb header_4_line_height=\u00a0\u00bb1.5em\u00a0\u00bb header_5_text_color=\u00a0\u00bb#033061&Prime; header_5_line_height=\u00a0\u00bb1.6em\u00a0\u00bb hover_enabled=\u00a0\u00bb0&Prime; header_2_font_size_tablet=\u00a0\u00bb28px\u00a0\u00bb header_2_font_size_phone=\u00a0\u00bb28px\u00a0\u00bb header_2_font_size_last_edited=\u00a0\u00bbon|tablet\u00a0\u00bb global_colors_info=\u00a0\u00bb{}\u00a0\u00bb sticky_enabled=\u00a0\u00bb0&Prime;]<\/p>\n<p>Le <strong>Coll\u00e8ge April-Fortier<\/strong>, situ\u00e9 en plein c\u0153ur de <strong>Montr\u00e9al<\/strong>, offre un cadre d\u2019apprentissage stimulant et une exp\u00e9rience de vie enrichissante pour les \u00e9tudiants internationaux. Avec son campus moderne, son acc\u00e8s facile aux <strong>transports en commun<\/strong> et sa proximit\u00e9 avec le <strong>Parc Lafontaine<\/strong>, le coll\u00e8ge se distingue par son ambiance dynamique et son ouverture sur le monde.<\/p>\n<h3>\u00a0<\/h3>\n<h3><strong>POURQUOI CHOISIR LE COLL\u00c8GE APRIL-FORTIER ?<\/strong><\/h3>\n<h4><strong>1. Une formation reconnue et professionnalisante<\/strong><\/h4>\n<p><span>Nos programmes sont con\u00e7us pour r\u00e9pondre aux besoins du march\u00e9 du travail et offrir des perspectives d\u2019emploi solides. Nous privil\u00e9gions une approche pratique et appliqu\u00e9e, permettant aux \u00e9tudiants d\u2019acqu\u00e9rir des comp\u00e9tences recherch\u00e9es par les employeurs.<\/span><\/p>\n<h4><strong>2. Un campus id\u00e9alement situ\u00e9<\/strong><\/h4>\n<p><span>Notre campus est situ\u00e9 en <\/span><strong>plein centre-ville de Montr\u00e9al<\/strong><span>, \u00e0 proximit\u00e9 du <\/span><strong>m\u00e9tro Sherbrooke<\/strong><span> et entour\u00e9 de restaurants, caf\u00e9s et espaces verts. Vous pourrez profiter d\u2019un cadre de vie exceptionnel dans l\u2019une des villes \u00e9tudiantes les plus pris\u00e9es d\u2019Am\u00e9rique du Nord.<\/span><\/p>\n<h4><strong>3. Un accompagnement personnalis\u00e9<\/strong><\/h4>\n<p><span>Nous comprenons que s\u2019installer dans un nouveau pays est un grand changement. Notre \u00e9quipe accompagne les \u00e9tudiants internationaux \u00e0 chaque \u00e9tape, que ce soit pour les d\u00e9marches administratives, l\u2019int\u00e9gration acad\u00e9mique ou la recherche de logement.<\/span><\/p>\n<h4><strong>4. Une ville accueillante et multiculturelle<\/strong><\/h4>\n<p><span>Montr\u00e9al est r\u00e9put\u00e9e pour son ouverture aux cultures du monde entier. Avec ses nombreuses communaut\u00e9s, ses festivals et sa qualit\u00e9 de vie, c\u2019est l\u2019endroit id\u00e9al pour vivre une exp\u00e9rience internationale enrichissante.<\/span><\/p>\n<h4><strong>5. Un acc\u00e8s facilit\u00e9 au march\u00e9 du travail<\/strong><\/h4>\n<p><span>Nos formations peuvent inclure des stages et des opportunit\u00e9s de placement pour vous aider \u00e0 int\u00e9grer le march\u00e9 du travail qu\u00e9b\u00e9cois et \u00e0 d\u00e9velopper votre r\u00e9seau professionnel d\u00e8s vos \u00e9tudes.<\/span><\/p>\n<p><span><\/span><\/p>\n<p><span><\/span><\/p>\n<h3><strong>FOIRE AUX QUESTIONS<\/strong><\/h3>\n<h4><strong>1. Quels sont les crit\u00e8res d\u2019admission pour les \u00e9tudiants internationaux ?<\/strong><\/h4>\n<p><span>Les crit\u00e8res varient selon le programme choisi. G\u00e9n\u00e9ralement, il faut fournir un dossier scolaire, une preuve de ma\u00eetrise du fran\u00e7ais ou de l\u2019anglais (selon le programme) et une lettre de motivation.<\/span><\/p>\n<h4><strong>2. Ai-je besoin d\u2019un permis d\u2019\u00e9tudes pour m\u2019inscrire ?<\/strong><\/h4>\n<p><span>Tout \u00e9tudiant international souhaitant \u00e9tudier plus de six mois au Qu\u00e9bec doit obtenir un <\/span><strong>Certificat d\u2019acceptation du Qu\u00e9bec (CAQ)<\/strong><span> ainsi qu\u2019un <\/span><strong>permis d\u2019\u00e9tudes<\/strong><span> d\u00e9livr\u00e9 par le gouvernement du Canada.<\/span><\/p>\n<h4><strong>3. Comment puis-je obtenir un logement ?<\/strong><\/h4>\n<p><span>Le Coll\u00e8ge April-Fortier ne dispose pas de r\u00e9sidences \u00e9tudiantes, mais nous vous guiderons vers des options de logement abordables et bien situ\u00e9es \u00e0 Montr\u00e9al, comme des appartements en colocation ou des r\u00e9sidences priv\u00e9es.<\/span><\/p>\n<h4><strong>4. Ai-je le droit de travailler pendant mes \u00e9tudes ?<\/strong><\/h4>\n<p><span>Oui, il est possible de travailler pendant vos \u00e9tudes. Toutes les informations \u00e0 ce sujet sont disponibles sur le site Web du Gouvernement du Canada\u00a0: <a href=\"https:\/\/www.canada.ca\/fr\/immigration-refugies-citoyennete\/services\/etudier-canada\/travail\/travailler-hors-campus.html\" target=\"_blank\" rel=\"noopener\"><u>ICI<\/u><\/a>\u00a0<\/span><\/p>\n<h4><strong>5. Quels sont les frais de scolarit\u00e9 pour les \u00e9tudiants internationaux ?<\/strong><\/h4>\n<p><span>Les frais varient selon le programme choisi. Nous vous recommandons de contacter notre service des admissions pour obtenir une estimation pr\u00e9cise.<\/span><\/p>\n<h4><strong>6. Est-il possible d\u2019obtenir une bourse ou une aide financi\u00e8re ?<\/strong><\/h4>\n<p><span>Certaines bourses sont disponibles pour les \u00e9tudiants internationaux, en fonction de l\u2019excellence acad\u00e9mique et de la situation financi\u00e8re. Nous vous invitons \u00e0 contacter notre service des admissions pour obtenir plus de pr\u00e9cisions \u00e0 ce sujet.<\/span><\/p>\n<h4><strong>7. Comment fonctionne l\u2019assurance maladie pour les \u00e9tudiants internationaux ?<\/strong><\/h4>\n<p><span>Les \u00e9tudiants internationaux doivent souscrire \u00e0 une <\/span><strong>assurance sant\u00e9 priv\u00e9e<\/strong><span>. Certains pays ont des ententes avec le Qu\u00e9bec permettant d\u2019\u00eatre couverts par la R\u00e9gie de l\u2019assurance maladie du Qu\u00e9bec (RAMQ).<\/span><\/p>\n<h4><strong>8. Quelle est la dur\u00e9e des programmes d\u2019\u00e9tudes ?<\/strong><\/h4>\n<p><span>Nos formations varient selon le programme choisi. Nous vous invitons \u00e0 contacter notre service des admissions pour obtenir plus de pr\u00e9cisions \u00e0 ce sujet.<\/span><\/p>\n<h4><strong>9. Quelle est la proc\u00e9dure pour obtenir un visa \u00e9tudiant ?<\/strong><\/h4>\n<p><span>Apr\u00e8s avoir re\u00e7u une lettre d\u2019admission du Coll\u00e8ge April-Fortier, vous devez d\u2019abord obtenir un <\/span><strong>CAQ<\/strong><span>, puis faire une demande de <\/span><strong>permis d\u2019\u00e9tudes<\/strong><span> aupr\u00e8s du gouvernement canadien. Nous vous guiderons dans cette d\u00e9marche.<\/span><\/p>\n<h4><strong>10. Comment se passe l\u2019int\u00e9gration des \u00e9tudiants internationaux ?<\/strong><\/h4>\n<p><span>Nous organisons des <\/span><strong>journ\u00e9es d\u2019accueil<\/strong><span>, des <\/span><strong>activit\u00e9s d\u2019int\u00e9gration<\/strong><span> et un <\/span><strong>service d\u2019accompagnement<\/strong><span> pour vous aider \u00e0 vous adapter \u00e0 votre nouvel environnement et \u00e0 rencontrer d\u2019autres \u00e9tudiants.<\/span><\/p>\n<p>&nbsp;<\/p>\n<h5><span>Le <\/span><strong>Coll\u00e8ge April-Fortier<\/strong><span> est une destination id\u00e9ale pour les \u00e9tudiants internationaux en qu\u00eate d\u2019une formation de qualit\u00e9 et d\u2019une exp\u00e9rience de vie unique. Vous avez d\u2019autres questions ? <\/span><strong>Contactez notre service des admissions<\/strong><span>, nous serons ravis de vous accompagner dans votre projet d\u2019\u00e9tudes au Qu\u00e9bec !<\/span><\/h5>\n<p>[\/et_pb_text][\/et_pb_column][\/et_pb_row][\/et_pb_section][et_pb_section fb_built=\u00a0\u00bb1&Prime; _builder_version=\u00a0\u00bb4.27.6&Prime; _module_preset=\u00a0\u00bbdefault\u00a0\u00bb use_background_color_gradient=\u00a0\u00bbon\u00a0\u00bb background_color_gradient_stops=\u00a0\u00bbrgba(0,0,0,0.7) 0%|rgba(0,0,0,0.7) 100%\u00a0\u00bb background_color_gradient_overlays_image=\u00a0\u00bbon\u00a0\u00bb background_image=\u00a0\u00bbhttps:\/\/www.aprilfortier.ca\/wp-content\/uploads\/2026\/02\/graduates-with-diplomas-SW.jpg\u00a0\u00bb background_position=\u00a0\u00bbbottom_center\u00a0\u00bb custom_padding=\u00a0\u00bb150px||150px||true|false\u00a0\u00bb global_module=\u00a0\u00bb299&Prime; saved_tabs=\u00a0\u00bball\u00a0\u00bb global_colors_info=\u00a0\u00bb{}\u00a0\u00bb][et_pb_row _builder_version=\u00a0\u00bb4.27.6&Prime; _module_preset=\u00a0\u00bbdefault\u00a0\u00bb global_colors_info=\u00a0\u00bb{}\u00a0\u00bb][et_pb_column type=\u00a0\u00bb4_4&Prime; _builder_version=\u00a0\u00bb4.27.6&Prime; _module_preset=\u00a0\u00bbdefault\u00a0\u00bb global_colors_info=\u00a0\u00bb{}\u00a0\u00bb][et_pb_text _builder_version=\u00a0\u00bb4.27.6&Prime; _module_preset=\u00a0\u00bbdefault\u00a0\u00bb header_font=\u00a0\u00bb|700|||||||\u00a0\u00bb header_text_align=\u00a0\u00bbcenter\u00a0\u00bb header_text_color=\u00a0\u00bb#FFFFFF\u00a0\u00bb header_2_font=\u00a0\u00bb||||||||\u00a0\u00bb header_2_text_align=\u00a0\u00bbcenter\u00a0\u00bb header_2_text_color=\u00a0\u00bb#FFFFFF\u00a0\u00bb custom_margin=\u00a0\u00bb||50px||false|false\u00a0\u00bb header_font_size_tablet=\u00a0\u00bb\u00a0\u00bb header_font_size_phone=\u00a0\u00bb28px\u00a0\u00bb header_font_size_last_edited=\u00a0\u00bbon|phone\u00a0\u00bb header_2_font_size_tablet=\u00a0\u00bb\u00a0\u00bb header_2_font_size_phone=\u00a0\u00bb20px\u00a0\u00bb header_2_font_size_last_edited=\u00a0\u00bbon|phone\u00a0\u00bb global_colors_info=\u00a0\u00bb{}\u00a0\u00bb]<\/p>\n<h1>Postulez d\u00e8s aujourd\u2019hui<\/h1>\n<h2>et faites le premier pas vers votre r\u00e9ussite !<\/h2>\n<p>[\/et_pb_text][et_pb_text _builder_version=\u00a0\u00bb4.27.6&Prime; _module_preset=\u00a0\u00bbdefault\u00a0\u00bb text_font_size=\u00a0\u00bb18px\u00a0\u00bb text_orientation=\u00a0\u00bbcenter\u00a0\u00bb background_layout=\u00a0\u00bbdark\u00a0\u00bb custom_padding=\u00a0\u00bb||25px||false|false\u00a0\u00bb text_font_size_tablet=\u00a0\u00bb16px\u00a0\u00bb text_font_size_phone=\u00a0\u00bb14px\u00a0\u00bb text_font_size_last_edited=\u00a0\u00bbon|desktop\u00a0\u00bb global_colors_info=\u00a0\u00bb{}\u00a0\u00bb]<\/p>\n<p>Nos \u00e9tudiantes et \u00e9tudiants \u00e9voluent dans un environnement d\u2019apprentissage stimulant et innovant, soutenus par une \u00e9quipe p\u00e9dagogique issue du milieu professionnel. Chaque cours, chaque atelier et chaque projet est pens\u00e9 pour favoriser la r\u00e9ussite scolaire et professionnelle, que ce soit en pr\u00e9sentiel \u00e0 Montr\u00e9al ou par l\u2019entremise de nos formations en ligne accessibles partout dans le monde.<\/p>\n<p>Gr\u00e2ce \u00e0 nos partenariats strat\u00e9giques avec des entreprises de renom dans le domaine du voyage, de l\u2019aviation, de l\u2019h\u00f4tellerie et de la gestion d\u2019\u00e9v\u00e9nements, nos dipl\u00f4m\u00e9es et dipl\u00f4m\u00e9s sont reconnus pour leur excellence, leur cr\u00e9ativit\u00e9 et leur professionnalisme. Ils se d\u00e9marquent au Qu\u00e9bec comme \u00e0 l\u2019international, b\u00e2tissant des carri\u00e8res durables et enrichissantes.<\/p>\n<p>[\/et_pb_text][et_pb_button button_url=\u00a0\u00bb@ET-DC@eyJkeW5hbWljIjp0cnVlLCJjb250ZW50IjoicG9zdF9saW5rX3VybF9wYWdlIiwic2V0dGluZ3MiOnsicG9zdF9pZCI6IjQ0NSJ9fQ==@\u00a0\u00bb button_text=\u00a0\u00bbInscription\u00a0\u00bb button_alignment=\u00a0\u00bbcenter\u00a0\u00bb _builder_version=\u00a0\u00bb4.27.6&Prime; _dynamic_attributes=\u00a0\u00bbbutton_url\u00a0\u00bb _module_preset=\u00a0\u00bbdefault\u00a0\u00bb custom_button=\u00a0\u00bbon\u00a0\u00bb button_text_size=\u00a0\u00bb18px\u00a0\u00bb button_text_color=\u00a0\u00bb#FFFFFF\u00a0\u00bb button_bg_color=\u00a0\u00bb#f25c05&Prime; button_border_width=\u00a0\u00bb0px\u00a0\u00bb button_use_icon=\u00a0\u00bboff\u00a0\u00bb background_layout=\u00a0\u00bbdark\u00a0\u00bb custom_padding=\u00a0\u00bb6px|25px|6px|25px|true|true\u00a0\u00bb button_text_size_tablet=\u00a0\u00bb18px\u00a0\u00bb button_text_size_phone=\u00a0\u00bb18px\u00a0\u00bb button_text_size_last_edited=\u00a0\u00bbon|desktop\u00a0\u00bb global_colors_info=\u00a0\u00bb{}\u00a0\u00bb button_bg_color__hover_enabled=\u00a0\u00bbon|desktop\u00a0\u00bb button_bg_color__hover=\u00a0\u00bb#c94904&Prime; button_bg_enable_color__hover=\u00a0\u00bbon\u00a0\u00bb][\/et_pb_button][\/et_pb_column][\/et_pb_row][\/et_pb_section][et_pb_section fb_built=\u00a0\u00bb1&Prime; _builder_version=\u00a0\u00bb4.27.6&Prime; _module_preset=\u00a0\u00bbdefault\u00a0\u00bb background_enable_color=\u00a0\u00bboff\u00a0\u00bb use_background_color_gradient=\u00a0\u00bbon\u00a0\u00bb background_color_gradient_stops=\u00a0\u00bbrgba(3,48,97,0.85) 0%|rgba(30,56,122,0.9) 100%\u00a0\u00bb background_color_gradient_overlays_image=\u00a0\u00bbon\u00a0\u00bb background_image=\u00a0\u00bbhttps:\/\/www.aprilfortier.ca\/wp-content\/uploads\/2026\/02\/graduates-with-diplomas-SW.jpg\u00a0\u00bb custom_margin=\u00a0\u00bb15px||||false|false\u00a0\u00bb custom_padding=\u00a0\u00bb2px||0px||false|false\u00a0\u00bb global_module=\u00a0\u00bb291&Prime; saved_tabs=\u00a0\u00bball\u00a0\u00bb global_colors_info=\u00a0\u00bb{}\u00a0\u00bb][et_pb_row column_structure=\u00a0\u00bb1_2,1_2&Prime; use_custom_gutter=\u00a0\u00bbon\u00a0\u00bb gutter_width=\u00a0\u00bb1&Prime; _builder_version=\u00a0\u00bb4.27.6&Prime; _module_preset=\u00a0\u00bbdefault\u00a0\u00bb background_color=\u00a0\u00bbrgba(255,255,255,0.85)\u00a0\u00bb width=\u00a0\u00bb100%\u00a0\u00bb max_width=\u00a0\u00bb100%\u00a0\u00bb custom_margin=\u00a0\u00bb0px||||false|false\u00a0\u00bb custom_padding=\u00a0\u00bb12px||12px||true|false\u00a0\u00bb global_colors_info=\u00a0\u00bb{}\u00a0\u00bb][et_pb_column type=\u00a0\u00bb1_2&Prime; _builder_version=\u00a0\u00bb4.27.4&Prime; _module_preset=\u00a0\u00bbdefault\u00a0\u00bb global_colors_info=\u00a0\u00bb{}\u00a0\u00bb][et_pb_text _builder_version=\u00a0\u00bb4.27.6&Prime; _module_preset=\u00a0\u00bbdefault\u00a0\u00bb text_font=\u00a0\u00bb|600|||||||\u00a0\u00bb text_text_color=\u00a0\u00bb#105491&Prime; text_line_height=\u00a0\u00bb1em\u00a0\u00bb text_orientation=\u00a0\u00bbcenter\u00a0\u00bb custom_margin=\u00a0\u00bb0px||0px||false|false\u00a0\u00bb custom_padding=\u00a0\u00bb0px||0px|35px|false|false\u00a0\u00bb global_colors_info=\u00a0\u00bb{}\u00a0\u00bb]Minist\u00e8re de l\u2019Enseignement sup\u00e9rieur, permit #749720[\/et_pb_text][\/et_pb_column][et_pb_column type=\u00a0\u00bb1_2&Prime; _builder_version=\u00a0\u00bb4.27.4&Prime; _module_preset=\u00a0\u00bbdefault\u00a0\u00bb global_colors_info=\u00a0\u00bb{}\u00a0\u00bb][et_pb_text _builder_version=\u00a0\u00bb4.27.6&Prime; _module_preset=\u00a0\u00bbdefault\u00a0\u00bb text_font=\u00a0\u00bb|600|||||||\u00a0\u00bb text_text_color=\u00a0\u00bb#105491&Prime; text_line_height=\u00a0\u00bb1em\u00a0\u00bb text_orientation=\u00a0\u00bbcenter\u00a0\u00bb custom_margin=\u00a0\u00bb0px||0px||false|false\u00a0\u00bb custom_padding=\u00a0\u00bb0px|35px|0px||false|false\u00a0\u00bb global_colors_info=\u00a0\u00bb{}\u00a0\u00bb]<\/p>\n<p><span lang=\"en-CA\">Minist\u00e8re de l\u2019\u00c9ducation, permit #668500<\/span><\/p>\n<p>[\/et_pb_text][\/et_pb_column][\/et_pb_row][et_pb_row column_structure=\u00a0\u00bb1_4,1_4,1_4,1_4&Prime; _builder_version=\u00a0\u00bb4.27.4&Prime; _module_preset=\u00a0\u00bbdefault\u00a0\u00bb global_colors_info=\u00a0\u00bb{}\u00a0\u00bb][et_pb_column type=\u00a0\u00bb1_4&Prime; _builder_version=\u00a0\u00bb4.20.2&Prime; _module_preset=\u00a0\u00bbdefault\u00a0\u00bb global_colors_info=\u00a0\u00bb{}\u00a0\u00bb][et_pb_image src=\u00a0\u00bbhttps:\/\/www.aprilfortier.ca\/wp-content\/uploads\/2026\/02\/Aprilfortier-logo-White-FR.png\u00a0\u00bb title_text=\u00a0\u00bbCollege April-Fortier\u00a0\u00bb _builder_version=\u00a0\u00bb4.27.6&Prime; _module_preset=\u00a0\u00bbdefault\u00a0\u00bb custom_margin=\u00a0\u00bb90px||||false|false\u00a0\u00bb global_colors_info=\u00a0\u00bb{}\u00a0\u00bb][\/et_pb_image][\/et_pb_column][et_pb_column type=\u00a0\u00bb1_4&Prime; _builder_version=\u00a0\u00bb4.20.2&Prime; _module_preset=\u00a0\u00bbdefault\u00a0\u00bb global_colors_info=\u00a0\u00bb{}\u00a0\u00bb][et_pb_text _builder_version=\u00a0\u00bb4.27.6&Prime; _module_preset=\u00a0\u00bbdefault\u00a0\u00bb background_layout=\u00a0\u00bbdark\u00a0\u00bb custom_margin=\u00a0\u00bb0px||0px||false|false\u00a0\u00bb custom_padding=\u00a0\u00bb0px||0px||false|false\u00a0\u00bb global_colors_info=\u00a0\u00bb{}\u00a0\u00bb]<\/p>\n<h2 class=\"text-center text-uppercase\">\u00c0 PROPOS DE NOUS<\/h2>\n<p>[\/et_pb_text][et_pb_divider color=\u00a0\u00bb#FFFFFF\u00a0\u00bb divider_position=\u00a0\u00bbcenter\u00a0\u00bb divider_weight=\u00a0\u00bb2px\u00a0\u00bb _builder_version=\u00a0\u00bb4.20.2&Prime; _module_preset=\u00a0\u00bbdefault\u00a0\u00bb custom_margin=\u00a0\u00bb0px||0px||false|false\u00a0\u00bb custom_padding=\u00a0\u00bb0px||0px||false|false\u00a0\u00bb global_colors_info=\u00a0\u00bb{}\u00a0\u00bb][\/et_pb_divider][et_pb_text _builder_version=\u00a0\u00bb4.27.6&Prime; _module_preset=\u00a0\u00bbdefault\u00a0\u00bb background_layout=\u00a0\u00bbdark\u00a0\u00bb global_colors_info=\u00a0\u00bb{}\u00a0\u00bb]Reconnue officiellement par le minist\u00e8re de l\u2019\u00c9ducation et le minist\u00e8re de l\u2019Enseignement sup\u00e9rieur, notre \u00e9tablissement d\u2019enseignement priv\u00e9 s\u2019impose comme une r\u00e9f\u00e9rence incontournable en mati\u00e8re de formation en tourisme, gestion d\u2019\u00e9v\u00e9nements touristiques \u00e9coresponsables et photographie professionnelle.[\/et_pb_text][\/et_pb_column][et_pb_column type=\u00a0\u00bb1_4&Prime; _builder_version=\u00a0\u00bb4.20.2&Prime; _module_preset=\u00a0\u00bbdefault\u00a0\u00bb global_colors_info=\u00a0\u00bb{}\u00a0\u00bb][et_pb_text _builder_version=\u00a0\u00bb4.27.6&Prime; _module_preset=\u00a0\u00bbdefault\u00a0\u00bb background_layout=\u00a0\u00bbdark\u00a0\u00bb custom_margin=\u00a0\u00bb0px||0px||false|false\u00a0\u00bb custom_padding=\u00a0\u00bb0px||0px||false|false\u00a0\u00bb global_colors_info=\u00a0\u00bb{}\u00a0\u00bb]<\/p>\n<h2 class=\"text-center text-uppercase\">LIENS RAPIDES<\/h2>\n<p>[\/et_pb_text][et_pb_divider color=\u00a0\u00bb#FFFFFF\u00a0\u00bb divider_position=\u00a0\u00bbcenter\u00a0\u00bb divider_weight=\u00a0\u00bb2px\u00a0\u00bb _builder_version=\u00a0\u00bb4.20.2&Prime; _module_preset=\u00a0\u00bbdefault\u00a0\u00bb custom_margin=\u00a0\u00bb0px||0px||false|false\u00a0\u00bb custom_padding=\u00a0\u00bb0px||0px||false|false\u00a0\u00bb global_colors_info=\u00a0\u00bb{}\u00a0\u00bb][\/et_pb_divider][et_pb_text _builder_version=\u00a0\u00bb4.27.6&Prime; _module_preset=\u00a0\u00bbdefault\u00a0\u00bb text_line_height=\u00a0\u00bb1.4em\u00a0\u00bb background_layout=\u00a0\u00bbdark\u00a0\u00bb global_colors_info=\u00a0\u00bb{}\u00a0\u00bb]<span style=\"color: #ffffff;\"><a href=\"https:\/\/login.microsoftonline.com\" target=\"_blank\" rel=\"noopener\" style=\"color: #ffffff;\">Office 365<\/a><\/span><\/p>\n<p><a href=\"https:\/\/www.april-fortier.com\/en\/bank\/\"><span style=\"color: #ffffff;\">Information bancaire du Coll\u00e8ge<\/span><\/a><\/p>\n<p><a href=\"https:\/\/www.april-fortier.com\/en\/college-regulations\/\"><span style=\"color: #ffffff;\">La r\u00e9glementation du Coll\u00e8ge<\/span><\/a><\/p>\n<p><span style=\"color: #ffffff;\"><a href=\"https:\/\/www.april-fortier.com\/en\/document\/brochure\/crqc_brochure_english.pdf\" target=\"_blank\" rel=\"noopener\" style=\"color: #ffffff;\">Brochure des programmes<\/a><\/span><\/p>\n<p><span style=\"color: #ffffff;\"><a href=\"https:\/\/www.april-fortier.com\/en\/careers\/\" style=\"color: #ffffff;\">Carri\u00e8res<\/a><\/span><\/p>\n<p><span style=\"color: #ffffff;\"><a href=\"https:\/\/www.april-fortier.com\/en\/contact-us\/\" style=\"color: #ffffff;\">Contactez-nous<\/a><\/span>[\/et_pb_text][\/et_pb_column][et_pb_column type=\u00a0\u00bb1_4&Prime; _builder_version=\u00a0\u00bb4.20.2&Prime; _module_preset=\u00a0\u00bbdefault\u00a0\u00bb global_colors_info=\u00a0\u00bb{}\u00a0\u00bb][et_pb_text _builder_version=\u00a0\u00bb4.27.6&Prime; _module_preset=\u00a0\u00bbdefault\u00a0\u00bb background_layout=\u00a0\u00bbdark\u00a0\u00bb custom_margin=\u00a0\u00bb0px||0px||false|false\u00a0\u00bb custom_padding=\u00a0\u00bb0px||0px||false|false\u00a0\u00bb global_colors_info=\u00a0\u00bb{}\u00a0\u00bb]<\/p>\n<h2 class=\"text-center text-uppercase\">NOS PROGRAMMES<\/h2>\n<p>[\/et_pb_text][et_pb_divider color=\u00a0\u00bb#FFFFFF\u00a0\u00bb divider_position=\u00a0\u00bbcenter\u00a0\u00bb divider_weight=\u00a0\u00bb2px\u00a0\u00bb _builder_version=\u00a0\u00bb4.20.2&Prime; _module_preset=\u00a0\u00bbdefault\u00a0\u00bb custom_margin=\u00a0\u00bb0px||0px||false|false\u00a0\u00bb custom_padding=\u00a0\u00bb0px||0px||false|false\u00a0\u00bb global_colors_info=\u00a0\u00bb{}\u00a0\u00bb][\/et_pb_divider][et_pb_text _builder_version=\u00a0\u00bb4.27.6&Prime; _module_preset=\u00a0\u00bbdefault\u00a0\u00bb text_line_height=\u00a0\u00bb1.5em\u00a0\u00bb background_layout=\u00a0\u00bbdark\u00a0\u00bb global_colors_info=\u00a0\u00bb{}\u00a0\u00bb]<span style=\"color: #ffffff;\"><a href=\"https:\/\/www.aprilfortier.ca\/programs\/acs\/\" style=\"color: #ffffff;\">Attestations d&rsquo;\u00e9tudes coll\u00e9giales (AEC)<\/a><\/span><\/p>\n<p><span style=\"color: #ffffff;\"><a href=\"https:\/\/www.aprilfortier.ca\/programs\/dcs\/\" style=\"color: #ffffff;\">Dipl\u00f4me d&rsquo;\u00e9tudes professionnelles (DEP)<\/a><\/span><\/p>\n<p><span style=\"color: #ffffff;\"><a href=\"https:\/\/www.aprilfortier.ca\/en\/diploma-of-vocational-studies-dvs\/\" style=\"color: #ffffff;\">Dipl\u00f4me d&rsquo;\u00e9tudes coll\u00e9giales (DEC)<\/a><\/span><\/p>\n<p><span style=\"color: #ffffff;\"><a href=\"https:\/\/www.aprilfortier.ca\/en\/continuing-education\/\" style=\"color: #ffffff;\">Formations continues<\/a><\/span>[\/et_pb_text][\/et_pb_column][\/et_pb_row][et_pb_row column_structure=\u00a0\u00bb1_2,1_2&Prime; _builder_version=\u00a0\u00bb4.27.4&Prime; _module_preset=\u00a0\u00bbdefault\u00a0\u00bb custom_margin=\u00a0\u00bb||||false|false\u00a0\u00bb custom_padding=\u00a0\u00bb||||false|false\u00a0\u00bb global_colors_info=\u00a0\u00bb{}\u00a0\u00bb][et_pb_column type=\u00a0\u00bb1_2&Prime; _builder_version=\u00a0\u00bb4.20.2&Prime; _module_preset=\u00a0\u00bbdefault\u00a0\u00bb global_colors_info=\u00a0\u00bb{}\u00a0\u00bb][et_pb_text _builder_version=\u00a0\u00bb4.27.6&Prime; _dynamic_attributes=\u00a0\u00bbcontent\u00a0\u00bb _module_preset=\u00a0\u00bbdefault\u00a0\u00bb text_text_color=\u00a0\u00bb#FFFFFF\u00a0\u00bb custom_margin=\u00a0\u00bb5px||||false|false\u00a0\u00bb global_colors_info=\u00a0\u00bb{}\u00a0\u00bb]@ET-DC@eyJkeW5hbWljIjp0cnVlLCJjb250ZW50IjoiY3VycmVudF9kYXRlIiwic2V0dGluZ3MiOnsiYmVmb3JlIjoiRHJvaXRzIGQnYXV0ZXVyICZjb3B5OyAiLCJhZnRlciI6IiBDb2xsXHUwMGU4Z2UgQXByaWwtRm9ydGllciB8IFRvdXMgZHJvaXRzIHJcdTAwZTlzZXJ2XHUwMGU5cy4iLCJkYXRlX2Zvcm1hdCI6ImN1c3RvbSIsImN1c3RvbV9kYXRlX2Zvcm1hdCI6IlkifX0=@[\/et_pb_text][\/et_pb_column][et_pb_column type=\u00a0\u00bb1_2&Prime; _builder_version=\u00a0\u00bb4.20.2&Prime; _module_preset=\u00a0\u00bbdefault\u00a0\u00bb global_colors_info=\u00a0\u00bb{}\u00a0\u00bb][et_pb_social_media_follow _builder_version=\u00a0\u00bb4.27.6&Prime; _module_preset=\u00a0\u00bbdefault\u00a0\u00bb text_orientation=\u00a0\u00bbright\u00a0\u00bb custom_margin=\u00a0\u00bb0px||||false|false\u00a0\u00bb custom_padding=\u00a0\u00bb0px||||false|false\u00a0\u00bb global_colors_info=\u00a0\u00bb{}\u00a0\u00bb][et_pb_social_media_follow_network social_network=\u00a0\u00bbfacebook\u00a0\u00bb url=\u00a0\u00bbhttps:\/\/www.facebook.com\/CollegeAprilFortierOfficiel\/\u00a0\u00bb _builder_version=\u00a0\u00bb4.27.6&Prime; _module_preset=\u00a0\u00bbdefault\u00a0\u00bb background_color=\u00a0\u00bb#3b5998&Prime; global_colors_info=\u00a0\u00bb{}\u00a0\u00bb follow_button=\u00a0\u00bboff\u00a0\u00bb url_new_window=\u00a0\u00bbon\u00a0\u00bb]facebook[\/et_pb_social_media_follow_network][et_pb_social_media_follow_network social_network=\u00a0\u00bbinstagram\u00a0\u00bb url=\u00a0\u00bbhttps:\/\/www.instagram.com\/collegeaprilfortierofficiel\/\u00a0\u00bb _builder_version=\u00a0\u00bb4.27.6&Prime; _module_preset=\u00a0\u00bbdefault\u00a0\u00bb background_color=\u00a0\u00bb#ea2c59&Prime; global_colors_info=\u00a0\u00bb{}\u00a0\u00bb follow_button=\u00a0\u00bboff\u00a0\u00bb url_new_window=\u00a0\u00bbon\u00a0\u00bb]instagram[\/et_pb_social_media_follow_network][et_pb_social_media_follow_network social_network=\u00a0\u00bblinkedin\u00a0\u00bb url=\u00a0\u00bbhttps:\/\/www.linkedin.com\/company\/college-april-fortier\u00a0\u00bb _builder_version=\u00a0\u00bb4.27.6&Prime; _module_preset=\u00a0\u00bbdefault\u00a0\u00bb background_color=\u00a0\u00bb#007bb6&Prime; global_colors_info=\u00a0\u00bb{}\u00a0\u00bb follow_button=\u00a0\u00bboff\u00a0\u00bb url_new_window=\u00a0\u00bbon\u00a0\u00bb]linkedin[\/et_pb_social_media_follow_network][et_pb_social_media_follow_network social_network=\u00a0\u00bbyoutube\u00a0\u00bb url=\u00a0\u00bbhttps:\/\/www.youtube.com\/user\/CollegeAprilFortier\u00a0\u00bb _builder_version=\u00a0\u00bb4.27.6&Prime; _module_preset=\u00a0\u00bbdefault\u00a0\u00bb background_color=\u00a0\u00bb#e20000&Prime; background_enable_color=\u00a0\u00bbon\u00a0\u00bb global_colors_info=\u00a0\u00bb{}\u00a0\u00bb follow_button=\u00a0\u00bboff\u00a0\u00bb url_new_window=\u00a0\u00bbon\u00a0\u00bb]youtube[\/et_pb_social_media_follow_network][\/et_pb_social_media_follow][\/et_pb_column][\/et_pb_row][\/et_pb_section]<\/p>\n","protected":false},"excerpt":{"rendered":"<p>\u00c9tudiants internationauxContactez-nous ! T\u00e9l\u00e9phone : (514) 878 &#8211; 1414E-mail: info@april-fortier.com \u00c9tudiants internationaux Vis ta passion au TravailLe Coll\u00e8ge April-Fortier, situ\u00e9 en plein c\u0153ur de Montr\u00e9al, offre un cadre d\u2019apprentissage stimulant et une exp\u00e9rience de vie enrichissante pour les \u00e9tudiants internationaux. Avec son campus moderne, son acc\u00e8s facile aux transports en commun et sa proximit\u00e9 avec [&hellip;]<\/p>\n","protected":false},"author":1,"featured_media":0,"parent":0,"menu_order":0,"comment_status":"closed","ping_status":"closed","template":"","meta":{"_et_pb_use_builder":"on","_et_pb_old_content":"","_et_gb_content_width":"","footnotes":""},"class_list":["post-848","page","type-page","status-publish","hentry"],"yoast_head":"<!-- This site is optimized with the Yoast SEO plugin v27.2 - https:\/\/yoast.com\/product\/yoast-seo-wordpress\/ -->\n<title>\u00c9tudiants internationaux - College April-Fortier<\/title>\n<meta name=\"robots\" content=\"index, follow, max-snippet:-1, max-image-preview:large, max-video-preview:-1\" \/>\n<link rel=\"canonical\" href=\"https:\/\/www.aprilfortier.ca\/fr\/etudiants-internationaux\/\" \/>\n<meta property=\"og:locale\" content=\"fr_FR\" \/>\n<meta property=\"og:type\" content=\"article\" \/>\n<meta property=\"og:title\" content=\"\u00c9tudiants internationaux - College April-Fortier\" \/>\n<meta property=\"og:description\" content=\"\u00c9tudiants internationauxContactez-nous ! T\u00e9l\u00e9phone : (514) 878 - 1414E-mail: info@april-fortier.com \u00c9tudiants internationaux Vis ta passion au TravailLe Coll\u00e8ge April-Fortier, situ\u00e9 en plein c\u0153ur de Montr\u00e9al, offre un cadre d\u2019apprentissage stimulant et une exp\u00e9rience de vie enrichissante pour les \u00e9tudiants internationaux. Avec son campus moderne, son acc\u00e8s facile aux transports en commun et sa proximit\u00e9 avec [&hellip;]\" \/>\n<meta property=\"og:url\" content=\"https:\/\/www.aprilfortier.ca\/fr\/etudiants-internationaux\/\" \/>\n<meta property=\"og:site_name\" content=\"College April-Fortier\" \/>\n<meta property=\"article:modified_time\" content=\"2026-04-29T00:08:44+00:00\" \/>\n<meta name=\"twitter:card\" content=\"summary_large_image\" \/>\n<script type=\"application\/ld+json\" class=\"yoast-schema-graph\">{\"@context\":\"https:\/\/schema.org\",\"@graph\":[{\"@type\":\"WebPage\",\"@id\":\"https:\/\/www.aprilfortier.ca\/fr\/etudiants-internationaux\/\",\"url\":\"https:\/\/www.aprilfortier.ca\/fr\/etudiants-internationaux\/\",\"name\":\"\u00c9tudiants internationaux - College April-Fortier\",\"isPartOf\":{\"@id\":\"https:\/\/www.aprilfortier.ca\/fr\/#website\"},\"datePublished\":\"2026-04-27T17:54:18+00:00\",\"dateModified\":\"2026-04-29T00:08:44+00:00\",\"breadcrumb\":{\"@id\":\"https:\/\/www.aprilfortier.ca\/fr\/etudiants-internationaux\/#breadcrumb\"},\"inLanguage\":\"fr-FR\",\"potentialAction\":[{\"@type\":\"ReadAction\",\"target\":[\"https:\/\/www.aprilfortier.ca\/fr\/etudiants-internationaux\/\"]}]},{\"@type\":\"BreadcrumbList\",\"@id\":\"https:\/\/www.aprilfortier.ca\/fr\/etudiants-internationaux\/#breadcrumb\",\"itemListElement\":[{\"@type\":\"ListItem\",\"position\":1,\"name\":\"Home\",\"item\":\"https:\/\/www.aprilfortier.ca\/fr\/\"},{\"@type\":\"ListItem\",\"position\":2,\"name\":\"\u00c9tudiants internationaux\"}]},{\"@type\":\"WebSite\",\"@id\":\"https:\/\/www.aprilfortier.ca\/fr\/#website\",\"url\":\"https:\/\/www.aprilfortier.ca\/fr\/\",\"name\":\"College April-Fortier\",\"description\":\"College April-Fortier\",\"publisher\":{\"@id\":\"https:\/\/www.aprilfortier.ca\/fr\/#organization\"},\"potentialAction\":[{\"@type\":\"SearchAction\",\"target\":{\"@type\":\"EntryPoint\",\"urlTemplate\":\"https:\/\/www.aprilfortier.ca\/fr\/?s={search_term_string}\"},\"query-input\":{\"@type\":\"PropertyValueSpecification\",\"valueRequired\":true,\"valueName\":\"search_term_string\"}}],\"inLanguage\":\"fr-FR\"},{\"@type\":\"Organization\",\"@id\":\"https:\/\/www.aprilfortier.ca\/fr\/#organization\",\"name\":\"College April-Fortier\",\"url\":\"https:\/\/www.aprilfortier.ca\/fr\/\",\"logo\":{\"@type\":\"ImageObject\",\"inLanguage\":\"fr-FR\",\"@id\":\"https:\/\/www.aprilfortier.ca\/fr\/#\/schema\/logo\/image\/\",\"url\":\"https:\/\/www.aprilfortier.ca\/wp-content\/uploads\/2026\/02\/Aprilfortier-logo-colored-FR-01-1250.png\",\"contentUrl\":\"https:\/\/www.aprilfortier.ca\/wp-content\/uploads\/2026\/02\/Aprilfortier-logo-colored-FR-01-1250.png\",\"width\":2500,\"height\":1250,\"caption\":\"College April-Fortier\"},\"image\":{\"@id\":\"https:\/\/www.aprilfortier.ca\/fr\/#\/schema\/logo\/image\/\"}}]}<\/script>\n<!-- \/ Yoast SEO plugin. -->","yoast_head_json":{"title":"\u00c9tudiants internationaux - College April-Fortier","robots":{"index":"index","follow":"follow","max-snippet":"max-snippet:-1","max-image-preview":"max-image-preview:large","max-video-preview":"max-video-preview:-1"},"canonical":"https:\/\/www.aprilfortier.ca\/fr\/etudiants-internationaux\/","og_locale":"fr_FR","og_type":"article","og_title":"\u00c9tudiants internationaux - College April-Fortier","og_description":"\u00c9tudiants internationauxContactez-nous ! T\u00e9l\u00e9phone : (514) 878 - 1414E-mail: info@april-fortier.com \u00c9tudiants internationaux Vis ta passion au TravailLe Coll\u00e8ge April-Fortier, situ\u00e9 en plein c\u0153ur de Montr\u00e9al, offre un cadre d\u2019apprentissage stimulant et une exp\u00e9rience de vie enrichissante pour les \u00e9tudiants internationaux. Avec son campus moderne, son acc\u00e8s facile aux transports en commun et sa proximit\u00e9 avec [&hellip;]","og_url":"https:\/\/www.aprilfortier.ca\/fr\/etudiants-internationaux\/","og_site_name":"College April-Fortier","article_modified_time":"2026-04-29T00:08:44+00:00","twitter_card":"summary_large_image","schema":{"@context":"https:\/\/schema.org","@graph":[{"@type":"WebPage","@id":"https:\/\/www.aprilfortier.ca\/fr\/etudiants-internationaux\/","url":"https:\/\/www.aprilfortier.ca\/fr\/etudiants-internationaux\/","name":"\u00c9tudiants internationaux - College April-Fortier","isPartOf":{"@id":"https:\/\/www.aprilfortier.ca\/fr\/#website"},"datePublished":"2026-04-27T17:54:18+00:00","dateModified":"2026-04-29T00:08:44+00:00","breadcrumb":{"@id":"https:\/\/www.aprilfortier.ca\/fr\/etudiants-internationaux\/#breadcrumb"},"inLanguage":"fr-FR","potentialAction":[{"@type":"ReadAction","target":["https:\/\/www.aprilfortier.ca\/fr\/etudiants-internationaux\/"]}]},{"@type":"BreadcrumbList","@id":"https:\/\/www.aprilfortier.ca\/fr\/etudiants-internationaux\/#breadcrumb","itemListElement":[{"@type":"ListItem","position":1,"name":"Home","item":"https:\/\/www.aprilfortier.ca\/fr\/"},{"@type":"ListItem","position":2,"name":"\u00c9tudiants internationaux"}]},{"@type":"WebSite","@id":"https:\/\/www.aprilfortier.ca\/fr\/#website","url":"https:\/\/www.aprilfortier.ca\/fr\/","name":"College April-Fortier","description":"College April-Fortier","publisher":{"@id":"https:\/\/www.aprilfortier.ca\/fr\/#organization"},"potentialAction":[{"@type":"SearchAction","target":{"@type":"EntryPoint","urlTemplate":"https:\/\/www.aprilfortier.ca\/fr\/?s={search_term_string}"},"query-input":{"@type":"PropertyValueSpecification","valueRequired":true,"valueName":"search_term_string"}}],"inLanguage":"fr-FR"},{"@type":"Organization","@id":"https:\/\/www.aprilfortier.ca\/fr\/#organization","name":"College April-Fortier","url":"https:\/\/www.aprilfortier.ca\/fr\/","logo":{"@type":"ImageObject","inLanguage":"fr-FR","@id":"https:\/\/www.aprilfortier.ca\/fr\/#\/schema\/logo\/image\/","url":"https:\/\/www.aprilfortier.ca\/wp-content\/uploads\/2026\/02\/Aprilfortier-logo-colored-FR-01-1250.png","contentUrl":"https:\/\/www.aprilfortier.ca\/wp-content\/uploads\/2026\/02\/Aprilfortier-logo-colored-FR-01-1250.png","width":2500,"height":1250,"caption":"College April-Fortier"},"image":{"@id":"https:\/\/www.aprilfortier.ca\/fr\/#\/schema\/logo\/image\/"}}]}},"_links":{"self":[{"href":"https:\/\/www.aprilfortier.ca\/fr\/wp-json\/wp\/v2\/pages\/848","targetHints":{"allow":["GET"]}}],"collection":[{"href":"https:\/\/www.aprilfortier.ca\/fr\/wp-json\/wp\/v2\/pages"}],"about":[{"href":"https:\/\/www.aprilfortier.ca\/fr\/wp-json\/wp\/v2\/types\/page"}],"author":[{"embeddable":true,"href":"https:\/\/www.aprilfortier.ca\/fr\/wp-json\/wp\/v2\/users\/1"}],"replies":[{"embeddable":true,"href":"https:\/\/www.aprilfortier.ca\/fr\/wp-json\/wp\/v2\/comments?post=848"}],"version-history":[{"count":2,"href":"https:\/\/www.aprilfortier.ca\/fr\/wp-json\/wp\/v2\/pages\/848\/revisions"}],"predecessor-version":[{"id":852,"href":"https:\/\/www.aprilfortier.ca\/fr\/wp-json\/wp\/v2\/pages\/848\/revisions\/852"}],"wp:attachment":[{"href":"https:\/\/www.aprilfortier.ca\/fr\/wp-json\/wp\/v2\/media?parent=848"}],"curies":[{"name":"wp","href":"https:\/\/api.w.org\/{rel}","templated":true}]}}